{"id":8525,"date":"2025-05-29T08:43:17","date_gmt":"2025-05-29T08:43:17","guid":{"rendered":"https:\/\/aussenduschen.ch\/?post_type=product&#038;p=8525"},"modified":"2025-12-22T18:31:23","modified_gmt":"2025-12-22T18:31:23","slug":"solardusche-dafne-schwarz-kopie","status":"publish","type":"product","link":"https:\/\/aussenduschen.ch\/fr\/product\/solardusche-dafne-schwarz-kopie\/","title":{"rendered":"Douche solaire Helios"},"content":{"rendered":"","protected":false},"excerpt":{"rendered":"<p><strong>Douche solaire Helios d'AMA Luxury Shower - Une exp\u00e9rience de douche \u00e9l\u00e9gante \u00e0 l'\u00e9nergie solaire<\/strong><br \/>\nLa douche solaire Helios utilise la puissance du soleil pour chauffer agr\u00e9ablement l'eau chaude de la douche. Ce mod\u00e8le est fabriqu\u00e9 par AMA Luxury Shower sp\u00e9cialement pour les douches de jardin. Le corps noir absorbe le rayonnement solaire de mani\u00e8re particuli\u00e8rement efficace et r\u00e9chauffe l'eau dans le r\u00e9servoir en acier inoxydable de 32 litres. Le design sobre et moderne fait de cette douche un \u00e9l\u00e9ment de style dans les jardins et les espaces ext\u00e9rieurs contemporains.<\/p>\n<p><strong>Points forts du produit :<\/strong><\/p>\n<ul>\n<li>Options de couleurs : Noir mat ou en anthracite (RAL 7016)<\/li>\n<li>Mat\u00e9riau : acier inoxydable<\/li>\n<li>Volume du r\u00e9servoir : 32 litres en acier inoxydable<\/li>\n<li>Pommeau de douche : pommeau de douche \u00e0 effet pluie int\u00e9gr\u00e9<\/li>\n<li>hauteur : 2085 mm du sol \u00e0 la pomme de douche (hauteur totale 2155 mm)<\/li>\n<li>diam\u00e8tre de la colonne de douche : 154 mm<\/li>\n<li>Poids : 29 kg<\/li>\n<li>Robinetterie : mitigeur progressif pour un r\u00e9glage individuel de la temp\u00e9rature<\/li>\n<li>Raccordement \u00e0 l'eau : par l'arri\u00e8re<\/li>\n<\/ul>\n<p><strong>Remarque :<\/strong><br \/>\nLe fonctionnement optimal de la douche solaire d\u00e9pend de l'ensoleillement. En cas de stationnement prolong\u00e9, il est recommand\u00e9 de vider l'eau du r\u00e9servoir afin d'\u00e9viter les d\u00e9g\u00e2ts dus au gel en hiver. Pour une fixation durable dans des r\u00e9gions non expos\u00e9es \u00e0 l'hiver, il convient, le cas \u00e9ch\u00e9ant, de prendre des mesures de protection suppl\u00e9mentaires.<\/p>\n<p><strong><a href=\"https:\/\/aussenduschen.ch\/wp-content\/uploads\/2025\/05\/Installationsanleitung_Helios.pdf\">T\u00c9L\u00c9CHARGEMENT : Guide d'installation Helios<\/a><\/strong><\/p>","protected":false},"featured_media":9005,"template":"","meta":[],"product_brand":[],"product_cat":[15,132],"product_tag":[],"class_list":{"0":"post-8525","1":"product","2":"type-product","3":"status-publish","4":"has-post-thumbnail","6":"product_cat-gartenduschen","7":"product_cat-solardusche","9":"first","10":"instock","11":"taxable","12":"shipping-taxable","13":"purchasable","14":"product-type-simple"},"_links":{"self":[{"href":"https:\/\/aussenduschen.ch\/fr\/wp-json\/wp\/v2\/product\/8525","targetHints":{"allow":["GET"]}}],"collection":[{"href":"https:\/\/aussenduschen.ch\/fr\/wp-json\/wp\/v2\/product"}],"about":[{"href":"https:\/\/aussenduschen.ch\/fr\/wp-json\/wp\/v2\/types\/product"}],"version-history":[{"count":5,"href":"https:\/\/aussenduschen.ch\/fr\/wp-json\/wp\/v2\/product\/8525\/revisions"}],"predecessor-version":[{"id":8535,"href":"https:\/\/aussenduschen.ch\/fr\/wp-json\/wp\/v2\/product\/8525\/revisions\/8535"}],"wp:featuredmedia":[{"embeddable":true,"href":"https:\/\/aussenduschen.ch\/fr\/wp-json\/wp\/v2\/media\/9005"}],"wp:attachment":[{"href":"https:\/\/aussenduschen.ch\/fr\/wp-json\/wp\/v2\/media?parent=8525"}],"wp:term":[{"taxonomy":"product_brand","embeddable":true,"href":"https:\/\/aussenduschen.ch\/fr\/wp-json\/wp\/v2\/product_brand?post=8525"},{"taxonomy":"product_cat","embeddable":true,"href":"https:\/\/aussenduschen.ch\/fr\/wp-json\/wp\/v2\/product_cat?post=8525"},{"taxonomy":"product_tag","embeddable":true,"href":"https:\/\/aussenduschen.ch\/fr\/wp-json\/wp\/v2\/product_tag?post=8525"}],"curies":[{"name":"wp","href":"https:\/\/api.w.org\/{rel}","templated":true}]}}